{"id":3279,"date":"2019-11-12T14:16:37","date_gmt":"2019-11-12T13:16:37","guid":{"rendered":"https:\/\/fab-group.fr\/accueil\/"},"modified":"2025-07-08T11:52:30","modified_gmt":"2025-07-08T09:52:30","slug":"accueil","status":"publish","type":"page","link":"https:\/\/fab-group.fr\/en\/","title":{"rendered":"Accueil"},"content":{"rendered":"\n<div class=\"wp-block-group alignfull is-style-default animate__fadeInUp animation-extend paused animate__animated is-layout-constrained wp-container-36\" style=\"margin-bottom:var(--wp--preset--spacing--medium)\">\n<div class=\"wp-block-cover alignfull is-light\" style=\"min-height:731px\"><span aria-hidden=\"true\" class=\"wp-block-cover__background has-neutral-light-background-color has-background-dim-0 has-background-dim\"><\/span><img fetchpriority=\"high\" decoding=\"async\" width=\"1920\" height=\"1200\" class=\"wp-block-cover__image-background wp-image-2625\" alt=\"Degrade grain fab group gold\" src=\"https:\/\/fab-group.fr\/wp-content\/uploads\/degrade-grain-fab-group-gold.png\" data-object-fit=\"cover\" srcset=\"https:\/\/fab-group.fr\/wp-content\/uploads\/degrade-grain-fab-group-gold.png 1920w, https:\/\/fab-group.fr\/wp-content\/uploads\/degrade-grain-fab-group-gold-1400x875.png 1400w, https:\/\/fab-group.fr\/wp-content\/uploads\/degrade-grain-fab-group-gold-768x480.png 768w, https:\/\/fab-group.fr\/wp-content\/uploads\/degrade-grain-fab-group-gold-1536x960.png 1536w\" sizes=\"(max-width: 1920px) 100vw, 1920px\" \/><div class=\"wp-block-cover__inner-container\">\n<div class=\"wp-block-group animate__fadeInUp animation-extend paused animate__animated is-layout-constrained\">\n<div class=\"wp-block-columns is-layout-flex wp-container-10\">\n<div class=\"wp-block-column is-layout-flow\" style=\"flex-basis:50%\">\n<h1 class=\"wp-block-heading has-black-color has-text-color\"><span class=\"ic-blocks-underline\">Repensons l&#8217;exp\u00e9rience<\/span> du recrutement<\/h1>\n\n\n\n<p> <\/p>\n\n\n\n<h4 class=\"wp-block-heading is-style-default has-black-color has-text-color\"> <\/h4>\n\n\n\n<p> <\/p>\n\n\n\n<div class=\"wp-block-columns is-layout-flex wp-container-7\" style=\"margin-top:var(--wp--preset--spacing--small);margin-bottom:var(--wp--preset--spacing--small);padding-top:0;padding-right:0;padding-bottom:0;padding-left:0\">\n<div class=\"wp-block-column is-layout-flow\">\n<div class=\"wp-block-group is-style-tiny-rounded has-white-color has-primary-background-color has-text-color has-background animate__fadeInUp animation-extend paused animate__animated box-shadow is-layout-constrained wp-container-2\" style=\"margin-top:0;margin-bottom:0;padding-top:var(--wp--preset--spacing--very-small);padding-right:var(--wp--preset--spacing--very-small);padding-bottom:var(--wp--preset--spacing--very-small);padding-left:var(--wp--preset--spacing--very-small)\">\n<h3 class=\"wp-block-heading is-style-underline-white\"><span class=\"ic-blocks-underline\">Candidats<\/span><\/h3>\n\n\n\n<div class=\"wp-block-buttons is-layout-flex\">\n<div class=\"wp-block-button is-style-link\"><a class=\"wp-block-button__link wp-element-button\" href=\"https:\/\/www.hellowork.com\/fr-fr\/entreprises\/fab-group-99887.html#offres-emploi\" target=\"_blank\" rel=\"noreferrer noopener\">Trouvez un job<\/a><\/div>\n<\/div>\n<\/div>\n<\/div>\n\n\n\n<div class=\"wp-block-column is-layout-flow\">\n<div class=\"wp-block-group is-style-tiny-rounded has-black-color has-white-background-color has-text-color has-background animate__fadeInUp animation-extend paused animate__animated box-shadow is-layout-constrained wp-container-5\" style=\"margin-top:0;margin-bottom:0;padding-top:var(--wp--preset--spacing--very-small);padding-right:var(--wp--preset--spacing--very-small);padding-bottom:var(--wp--preset--spacing--very-small);padding-left:var(--wp--preset--spacing--very-small)\">\n<h3 class=\"wp-block-heading is-style-underline-black has-black-color has-text-color\"><span class=\"ic-blocks-underline\">Entreprises<\/span><\/h3>\n\n\n\n<div class=\"wp-block-buttons is-layout-flex\">\n<div class=\"wp-block-button is-style-link\"><a class=\"wp-block-button__link has-black-color has-text-color wp-element-button\" href=\"https:\/\/fab-group.fr\/nous-contacter\/\">Recrutez un talent<\/a><\/div>\n<\/div>\n<\/div>\n<\/div>\n<\/div>\n<\/div>\n\n\n\n<div class=\"wp-block-column absolute-blob is-layout-flow\" style=\"flex-basis:50%\">\n<div class=\"wp-block-ic-blocks-image-blob has-primary-ultra-light-background-color has-background\"><div class=\"blobs-container\"><div class=\"image-blob\" style=\"background-image:url(https:\/\/fab-group.fr\/wp-content\/uploads\/fab-group-header-bulle.jpg);background-position:57% 38%;padding-top:99%\"><\/div><\/div><\/div>\n<\/div>\n<\/div>\n<\/div>\n<\/div><\/div>\n\n\n\n<div class=\"wp-block-group alignfull animate__fadeInUp animation-extend paused animate__animated is-layout-constrained wp-container-20\" style=\"padding-right:var(--wp--preset--spacing--very-small);padding-left:var(--wp--preset--spacing--very-small)\">\n<div class=\"wp-block-group is-style-big-rounded no-x-pad-mobile has-ternary-variant-background-color has-background animate__fadeInUp animation-extend paused animate__animated is-layout-constrained\">\n<div class=\"wp-block-columns alignfull no-x-pad-mobile is-layout-flex wp-container-18\" style=\"padding-top:var(--wp--preset--spacing--very-small);padding-right:var(--wp--preset--spacing--small);padding-bottom:var(--wp--preset--spacing--very-small);padding-left:var(--wp--preset--spacing--small)\">\n<div class=\"wp-block-column is-layout-flow\" style=\"flex-basis:66.66%\">\n<div class=\"wp-block-ic-blocks-responsive-spacer\"><div style=\"height:30px\"><\/div><div style=\"height:10px\"><\/div><\/div>\n\n\n\n<h2 class=\"wp-block-heading is-style-underline-white\" style=\"text-transform:none\">Faites<mark style=\"background-color:#70A5AB\" class=\"has-inline-color has-white-color\"> matcher votre candidature <\/mark>avec nos <span class=\"ic-blocks-underline\">offres d\u2019emploi !<\/span><\/h2>\n\n\n\n<div class=\"wp-block-ic-blocks-responsive-spacer\"><div style=\"height:20px\"><\/div><div style=\"height:16px\"><\/div><\/div>\n\n\n\n<div class=\"wp-block-columns is-layout-flex wp-container-14\">\n<div class=\"wp-block-column is-layout-flow\">\n<p><\/p>\n<\/div>\n\n\n\n<div class=\"wp-block-column is-layout-flow\">\n<figure class=\"wp-block-image size-large is-resized no-mobile\"><img decoding=\"async\" src=\"https:\/\/fab-group.fr\/wp-content\/uploads\/arrow_after_title.svg\" alt=\"arrow_after_title\" class=\"wp-image-2864\" width=\"198\" height=\"55\" \/><\/figure>\n<\/div>\n<\/div>\n<\/div>\n\n\n\n<div class=\"wp-block-column has-large-font-size is-layout-flow\" style=\"flex-basis:33.33%\">\n<div class=\"wp-block-ic-blocks-responsive-spacer\"><div style=\"height:100px\"><\/div><div style=\"height:7px\"><\/div><\/div>\n\n\n\n<div class=\"wp-block-buttons has-custom-font-size has-small-font-size is-horizontal is-content-justification-center is-layout-flex wp-container-16\">\n<div class=\"wp-block-button has-custom-font-size is-style-big has-large-font-size\"><a class=\"wp-block-button__link has-black-color has-white-background-color has-text-color has-background wp-element-button\" href=\"https:\/\/www.hellowork.com\/fr-fr\/emplois\/67784434.html\" style=\"border-radius:15px;padding-top:0;padding-right:0;padding-bottom:0;padding-left:0\" target=\"_blank\" rel=\"noreferrer noopener\">Je d\u00e9pose ma candidature<\/a><\/div>\n<\/div>\n<\/div>\n<\/div>\n<\/div>\n<\/div>\n\n\n\n<div class=\"wp-block-group animate__fadeInUp animation-extend paused animate__animated is-layout-constrained\">\n<div class=\"wp-block-group animate__fadeInUp animation-extend paused animate__animated is-layout-constrained wp-container-21\">\n<h2 class=\"wp-block-heading has-text-align-center\">Nos marques pour r\u00e9pondre \u00e0 <span class=\"ic-blocks-underline\">tous vos besoins en recrutement RH<\/span><\/h2>\n\n\n\n<p class=\"has-text-align-center has-large-font-size\">FAB Group est le cabinet de recrutement sp\u00e9cialis\u00e9 qui sait r\u00e9pondre \u00e0 toutes vos demandes. D\u00e9couvrez nos marques et comment nous sommes capables de r\u00e9pondre \u00e0 toutes vos attentes.<\/p>\n\n\n\n<div class=\"wp-block-ic-blocks-responsive-spacer\"><div style=\"height:50px\"><\/div><div style=\"height:50px\"><\/div><\/div>\n<\/div>\n\n\n\n<div class=\"wp-block-ic-blocks-slider  on-mobile slider col-mob-1 col-desk-3 hide-inline dots-hidden\" data-spacing-mobile=\"10\" data-spacing-desktop=\"20\" data-effect=\"slide\" data-speed=\"600\" data-delay=\"3000\" data-loop=\"true\"><div class=\"swiper-wrapper\">\n<div class=\"wp-block-ic-blocks-slide undefined\">\n<div class=\"wp-block-ic-blocks-marque fab-search-block\"><a href=\"https:\/\/fab-search.fr\" target=\"&quot;_blank&quot;\" rel=\"noopener\"><\/a><div class=\"medias-container\"><div class=\"thumbnail-container\"><figure><img decoding=\"async\" data-id=\"3455\" src=\"https:\/\/fab-group.fr\/wp-content\/uploads\/fab-search-header-bulle.jpg\" alt=\"FAB search\" \/><\/figure><\/div><div class=\"logo-container\"><\/div><\/div><p class=\"marque-title\">Cabinet de chasse multisectoriel<\/p><p class=\"marque-description\">Profitez de l\u2019expertise de nos consultants et trouvez le talent ou l\u2019opportunit\u00e9 qui correspond parfaitement \u00e0 vos attentes.<\/p><\/div>\n<\/div>\n\n\n\n<div class=\"wp-block-ic-blocks-slide undefined\">\n<div class=\"wp-block-ic-blocks-marque fab-talents-block\"><a href=\"https:\/\/fab-talents.fr\" target=\"&quot;_blank&quot;\" rel=\"noopener\"><\/a><div class=\"medias-container\"><div class=\"thumbnail-container\"><figure><img decoding=\"async\" data-id=\"3452\" src=\"https:\/\/fab-group.fr\/wp-content\/uploads\/fab-talents-header-bulle.jpeg\" alt=\"cabinet de recrutement\" \/><\/figure><\/div><div class=\"logo-container\"><\/div><\/div><p class=\"marque-title\">Cabinet de recrutement op\u00e9rationnel<\/p><p class=\"marque-description\">Lancez votre carri\u00e8re ou trouvez le talent id\u00e9al gr\u00e2ce \u00e0 notre accompagnement de haute qualit\u00e9 pour les contrats en CDI, CDD et Int\u00e9rim.<\/p><\/div>\n<\/div>\n\n\n\n<div class=\"wp-block-ic-blocks-slide undefined\">\n<div class=\"wp-block-ic-blocks-marque cherry-on-the-job-block\"><a href=\"https:\/\/cherryonthejob.fr\" target=\"&quot;_blank&quot;\" rel=\"noopener\"><\/a><div class=\"medias-container\"><div class=\"thumbnail-container\"><figure><img decoding=\"async\" data-id=\"3450\" src=\"https:\/\/fab-group.fr\/wp-content\/uploads\/cotj-header-bulle-scaled.jpg\" alt=\"accompagnement sur mesure\" \/><\/figure><\/div><div class=\"logo-container\"><\/div><\/div><p class=\"marque-title\">Cabinet sp\u00e9cialiste du management de transition<\/p><p class=\"marque-description\">D\u00e9couvrez l\u2019accompagnement sur-mesure de notre cabinet de management de transition pour le recrutement de dirigeants, notre solide vivier de managers et notre ancrage local<\/p><\/div>\n<\/div>\n\n\n\n<div class=\"wp-block-ic-blocks-slide undefined\">\n<div class=\"wp-block-ic-blocks-marque fab-outsourcing-block\"><a href=\"https:\/\/fab-outsourcing.fr\" target=\"&quot;_blank&quot;\" rel=\"noopener\"><\/a><div class=\"medias-container\"><div class=\"thumbnail-container\"><figure><img decoding=\"async\" data-id=\"3457\" src=\"https:\/\/fab-group.fr\/wp-content\/uploads\/fab-outsourcing-header-bulle.jpg\" alt=\"FAB-Outsourcing\" \/><\/figure><\/div><div class=\"logo-container\"><\/div><\/div><p class=\"marque-title\">Cabinet de placements en RPO<\/p><p class=\"marque-description\">Externalisez votre recrutement et profitez de toute l\u2019exp\u00e9rience d\u2019un professionnel des RH sans augmenter votre masse salariale.<\/p><\/div>\n<\/div>\n\n\n\n<div class=\"wp-block-ic-blocks-slide undefined\">\n<div class=\"wp-block-ic-blocks-marque fab-partners-block\"><a href=\"https:\/\/rec-partners.fr\" target=\"&quot;_blank&quot;\" rel=\"noopener\"><\/a><div class=\"medias-container\"><div class=\"thumbnail-container\"><figure><img decoding=\"async\" data-id=\"3459\" src=\"https:\/\/fab-group.fr\/wp-content\/uploads\/fab-partners-header-bulle.jpg\" alt=\"FAB-Partners\" \/><\/figure><\/div><div class=\"logo-container\"><\/div><\/div><p class=\"marque-title\">Collectif de recruteurs ind\u00e9pendants<\/p><p class=\"marque-description\">B\u00e9n\u00e9ficiez de notre accompagnement et de nos outils pour vous lancer en tant que recruteur ind\u00e9pendant, \u00e0 votre rythme, \u00e0 votre compte, avec nous.<\/p><\/div>\n<\/div>\n\n\n\n<div class=\"wp-block-ic-blocks-slide undefined no-mobile\">\n<div class=\"wp-block-ic-blocks-blob\"><a href=\"https:\/\/fab-group.fr\/a-la-decouverte-de-fab-group\/\" target=\"\" rel=\"noopener\"><\/a><p class=\"blob-title\"><mark style=\"background-color:#232632\" class=\"has-inline-color has-white-color\">L&#8217;expertise FAB Group<\/mark><\/p><\/div>\n<\/div>\n<\/div><\/div>\n\n\n\n<div class=\"wp-block-ic-blocks-blob no-desktop\"><a href=\"#expertise\" target=\"\" rel=\"noopener\"><\/a><p class=\"blob-title\"><a href=\"https:\/\/fab-group.fr\/a-la-decouverte-de-fab-group\/\"><mark style=\"background-color:#232632\" class=\"has-inline-color has-white-color\">L&#8217;expertise <br>FAB Group<\/mark><\/a><\/p><\/div>\n<\/div>\n\n\n\n<div class=\"wp-block-group animate__fadeInUp animation-extend paused animate__animated is-layout-constrained wp-container-30\">\n<div class=\"wp-block-columns is-layout-flex wp-container-27\">\n<div class=\"wp-block-column is-layout-flow\">\n<div class=\"wp-block-ic-blocks-important-info\"><div class=\"thumbnail-container\"><figure><img decoding=\"async\" data-id=\"2694\" src=\"https:\/\/fab-group.fr\/wp-content\/uploads\/equipe.svg\" alt=\"equipe\" \/><\/figure><\/div><div class=\"important-info-content\"><p class=\"important-info-number\">50<\/p><p class=\"important-info-value\"><strong>consultants experts<\/strong><\/p><p class=\"important-info-description\">R\u00e9partis partout en France, nos recruteurs experts vous accompagnent pour tous vos projets de croissance et de d\u00e9veloppement.<\/p><\/div><\/div>\n<\/div>\n\n\n\n<div class=\"wp-block-column is-layout-flow\">\n<div class=\"wp-block-ic-blocks-responsive-spacer\"><div style=\"height:100px\"><\/div><div style=\"height:0\"><\/div><\/div>\n\n\n\n<div class=\"wp-block-ic-blocks-important-info\"><div class=\"thumbnail-container\"><figure><img decoding=\"async\" data-id=\"3503\" src=\"https:\/\/fab-group.fr\/wp-content\/uploads\/reseau-1.png\" alt=\"picto r\u00e9seau\" \/><\/figure><\/div><div class=\"important-info-content\"><p class=\"important-info-number\">1500<\/p><p class=\"important-info-value\"><strong>recrutements en 202<\/strong>4<\/p><p class=\"important-info-description\">En 2024, nous avons chang\u00e9 la vie de plus de 1500 personnes en leur proposant des postes en phase avec leur projet, leurs comp\u00e9tences et leurs attentes au sein d\u2019entreprise en qu\u00eate du meilleur profil.<\/p><\/div><\/div>\n<\/div>\n\n\n\n<div class=\"wp-block-column is-layout-flow\">\n<div class=\"wp-block-ic-blocks-important-info\"><div class=\"thumbnail-container\"><figure><img decoding=\"async\" data-id=\"3505\" src=\"https:\/\/fab-group.fr\/wp-content\/uploads\/document.png\" alt=\"picto document\" \/><\/figure><\/div><div class=\"important-info-content\"><p class=\"important-info-number\">150k<\/p><p class=\"important-info-value\"><strong><strong>candidats<\/strong><\/strong><\/p><p class=\"important-info-description\">Notre base de donn\u00e9es regroupe plus de 150 000 profils uniques. Notre mission est de trouver les meilleures opportunit\u00e9s pour nos candidats en recherche d\u2019emploi et les meilleurs talents pour nos clients, et ce talent unique se trouve forc\u00e9ment dans notre base.<\/p><\/div><\/div>\n<\/div>\n\n\n\n<div class=\"wp-block-column is-layout-flow\">\n<div class=\"wp-block-ic-blocks-responsive-spacer\"><div style=\"height:100px\"><\/div><div style=\"height:0\"><\/div><\/div>\n\n\n\n<div class=\"wp-block-ic-blocks-important-info\"><div class=\"thumbnail-container\"><figure><img decoding=\"async\" data-id=\"2684\" src=\"https:\/\/fab-group.fr\/wp-content\/uploads\/calendrier.svg\" alt=\"calendrier\" \/><\/figure><\/div><div class=\"important-info-content\"><p class=\"important-info-number\">18<\/p><p class=\"important-info-value\"><strong><strong><strong>ann\u00e9es d\u2019exp\u00e9rience<\/strong><\/strong><\/strong><\/p><p class=\"important-info-description\">Depuis 2007, notre cabinet de recrutement se d\u00e9veloppe et enrichit ses domaines d\u2019expertise. Gr\u00e2ce \u00e0 cette exp\u00e9rience, nous sommes en mesure de r\u00e9pondre \u00e0 tous vos besoins en recrutement.<\/p><\/div><\/div>\n<\/div>\n<\/div>\n\n\n\n<div class=\"wp-block-ic-blocks-slider is-style-partners  on-mobile slider col-mob-3 col-desk-6 arrows-hidden dots-hidden\" data-spacing-mobile=\"50\" data-spacing-desktop=\"20\" data-effect=\"slide\" data-speed=\"2000\" data-delay=\"0\" data-loop=\"true\"><div class=\"swiper-wrapper\">\n<div class=\"wp-block-ic-blocks-slide-image\"><div><div class=\"ic-blocks-slide-image-container\"><figure class=\"ic-blocks-slide-image-figure\"><img decoding=\"async\" width=\"63\" height=\"50\" src=\"https:\/\/fab-group.fr\/wp-content\/uploads\/1200px-covea_logo.svg-e1704376313217.png\" alt=\"1200px-Cove\u0301a_logo.svg\" class=\"wp-image-3950\" title=\"1200px-Cove\u0301a_logo.svg\" \/><\/figure><\/div><\/div><\/div>\n\n\n\n<div class=\"wp-block-ic-blocks-slide-image\"><div><div class=\"ic-blocks-slide-image-container\"><figure class=\"ic-blocks-slide-image-figure\"><img loading=\"lazy\" decoding=\"async\" width=\"148\" height=\"41\" src=\"https:\/\/fab-group.fr\/wp-content\/uploads\/logo-hsbc.png\" alt=\"logo-hsbc\" class=\"wp-image-2725\" title=\"logo-hsbc\" \/><\/figure><\/div><\/div><\/div>\n\n\n\n<div class=\"wp-block-ic-blocks-slide-image\"><div><div class=\"ic-blocks-slide-image-container\"><figure class=\"ic-blocks-slide-image-figure\"><img loading=\"lazy\" decoding=\"async\" width=\"509\" height=\"195\" src=\"https:\/\/fab-group.fr\/wp-content\/uploads\/bpce.png\" alt=\"BPCE\" class=\"wp-image-4018\" title=\"BPCE\" \/><\/figure><\/div><\/div><\/div>\n\n\n\n<div class=\"wp-block-ic-blocks-slide-image\"><div><div class=\"ic-blocks-slide-image-container\"><figure class=\"ic-blocks-slide-image-figure\"><img loading=\"lazy\" decoding=\"async\" width=\"257\" height=\"200\" src=\"https:\/\/fab-group.fr\/wp-content\/uploads\/5c04f6ac6267e57d8c386133-e1704465285817.png\" alt=\"5c04f6ac6267e57d8c386133\" class=\"wp-image-4021\" title=\"5c04f6ac6267e57d8c386133\" \/><\/figure><\/div><\/div><\/div>\n\n\n\n<div class=\"wp-block-ic-blocks-slide-image\"><div><div class=\"ic-blocks-slide-image-container\"><figure class=\"ic-blocks-slide-image-figure\"><img loading=\"lazy\" decoding=\"async\" width=\"1871\" height=\"665\" src=\"https:\/\/fab-group.fr\/wp-content\/uploads\/logo-bakertilly-strego-noir.png\" alt=\"Logo-bakertilly-strego-noir\" class=\"wp-image-4037\" title=\"Logo-bakertilly-strego-noir\" srcset=\"https:\/\/fab-group.fr\/wp-content\/uploads\/logo-bakertilly-strego-noir.png 1871w, https:\/\/fab-group.fr\/wp-content\/uploads\/logo-bakertilly-strego-noir-1400x498.png 1400w, https:\/\/fab-group.fr\/wp-content\/uploads\/logo-bakertilly-strego-noir-768x273.png 768w, https:\/\/fab-group.fr\/wp-content\/uploads\/logo-bakertilly-strego-noir-1536x546.png 1536w\" sizes=\"(max-width: 1871px) 100vw, 1871px\" \/><\/figure><\/div><\/div><\/div>\n\n\n\n<div class=\"wp-block-ic-blocks-slide-image\"><div><div class=\"ic-blocks-slide-image-container\"><figure class=\"ic-blocks-slide-image-figure\"><img loading=\"lazy\" decoding=\"async\" width=\"62\" height=\"50\" src=\"https:\/\/fab-group.fr\/wp-content\/uploads\/1200px-assicurazioni_generali_logo.svg-e1704376953646.png\" alt=\"1200px-Assicurazioni_Generali_(logo).svg\" class=\"wp-image-3952\" title=\"1200px-Assicurazioni_Generali_(logo).svg\" \/><\/figure><\/div><\/div><\/div>\n\n\n\n<div class=\"wp-block-ic-blocks-slide-image\"><div><div class=\"ic-blocks-slide-image-container\"><figure class=\"ic-blocks-slide-image-figure\"><img loading=\"lazy\" decoding=\"async\" width=\"134\" height=\"100\" src=\"https:\/\/fab-group.fr\/wp-content\/uploads\/interforum-modernise-ses-sites0-e1704377140756.jpg\" alt=\"Interforum modernise ses sites0\" class=\"wp-image-3962\" title=\"Interforum modernise ses sites0\" \/><\/figure><\/div><\/div><\/div>\n\n\n\n<div class=\"wp-block-ic-blocks-slide-image\"><div><div class=\"ic-blocks-slide-image-container\"><figure class=\"ic-blocks-slide-image-figure\"><img loading=\"lazy\" decoding=\"async\" width=\"200\" height=\"200\" src=\"https:\/\/fab-group.fr\/wp-content\/uploads\/fiduciaire_rive_gauche_logo.png\" alt=\"fiduciaire_rive_gauche_logo\" class=\"wp-image-4035\" title=\"fiduciaire_rive_gauche_logo\" srcset=\"https:\/\/fab-group.fr\/wp-content\/uploads\/fiduciaire_rive_gauche_logo.png 200w, https:\/\/fab-group.fr\/wp-content\/uploads\/fiduciaire_rive_gauche_logo-150x150.png 150w\" sizes=\"(max-width: 200px) 100vw, 200px\" \/><\/figure><\/div><\/div><\/div>\n\n\n\n<div class=\"wp-block-ic-blocks-slide-image\"><div><div class=\"ic-blocks-slide-image-container\"><figure class=\"ic-blocks-slide-image-figure\"><img loading=\"lazy\" decoding=\"async\" width=\"132\" height=\"50\" src=\"https:\/\/fab-group.fr\/wp-content\/uploads\/1200px-caceis_investor_services_logo.svg-e1704376966167.png\" alt=\"1200px-CACEIS_Investor_Services_(logo).svg\" class=\"wp-image-3954\" title=\"1200px-CACEIS_Investor_Services_(logo).svg\" \/><\/figure><\/div><\/div><\/div>\n\n\n\n<div class=\"wp-block-ic-blocks-slide-image\"><div><div class=\"ic-blocks-slide-image-container\"><figure class=\"ic-blocks-slide-image-figure\"><img loading=\"lazy\" decoding=\"async\" width=\"221\" height=\"50\" src=\"https:\/\/fab-group.fr\/wp-content\/uploads\/apicil_assetmanagement-e1704376978237.png\" alt=\"APICIL_ASSETMANAGEMENT\" class=\"wp-image-3956\" title=\"APICIL_ASSETMANAGEMENT\" \/><\/figure><\/div><\/div><\/div>\n\n\n\n<div class=\"wp-block-ic-blocks-slide-image\"><div><div class=\"ic-blocks-slide-image-container\"><figure class=\"ic-blocks-slide-image-figure\"><img loading=\"lazy\" decoding=\"async\" width=\"247\" height=\"100\" src=\"https:\/\/fab-group.fr\/wp-content\/uploads\/ekwateur_logo_rvb_couleurs_fond_sombre-e1704377040944.png\" alt=\"Ekwateur_Logo_RVB_Couleurs_Fond_Sombre\" class=\"wp-image-3978\" title=\"Ekwateur_Logo_RVB_Couleurs_Fond_Sombre\" \/><\/figure><\/div><\/div><\/div>\n\n\n\n<div class=\"wp-block-ic-blocks-slide-image\"><div><div class=\"ic-blocks-slide-image-container\"><figure class=\"ic-blocks-slide-image-figure\"><img loading=\"lazy\" decoding=\"async\" width=\"100\" height=\"67\" src=\"https:\/\/fab-group.fr\/wp-content\/uploads\/logo_eureden-e1704377171290.png\" alt=\"Logo_Eureden\" class=\"wp-image-3964\" title=\"Logo_Eureden\" \/><\/figure><\/div><\/div><\/div>\n\n\n\n<div class=\"wp-block-ic-blocks-slide-image\"><div><div class=\"ic-blocks-slide-image-container\"><figure class=\"ic-blocks-slide-image-figure\"><img loading=\"lazy\" decoding=\"async\" width=\"200\" height=\"126\" src=\"https:\/\/fab-group.fr\/wp-content\/uploads\/logo-societe-generale-e1704377322355.png\" alt=\"logo-societe-generale\" class=\"wp-image-3972\" title=\"logo-societe-generale\" \/><\/figure><\/div><\/div><\/div>\n\n\n\n<div class=\"wp-block-ic-blocks-slide-image\"><div><div class=\"ic-blocks-slide-image-container\"><figure class=\"ic-blocks-slide-image-figure\"><img loading=\"lazy\" decoding=\"async\" width=\"170\" height=\"44\" src=\"https:\/\/fab-group.fr\/wp-content\/uploads\/logo_kaufman__broad_2022-e1704377219123.png\" alt=\"Logo_Kaufman_&amp;_Broad_2022\" class=\"wp-image-3966\" title=\"Logo_Kaufman_&amp;_Broad_2022\" \/><\/figure><\/div><\/div><\/div>\n\n\n\n<div class=\"wp-block-ic-blocks-slide-image\"><div><div class=\"ic-blocks-slide-image-container\"><figure class=\"ic-blocks-slide-image-figure\"><img loading=\"lazy\" decoding=\"async\" width=\"185\" height=\"50\" src=\"https:\/\/fab-group.fr\/wp-content\/uploads\/logo-sogetrel-e1704377364949.png\" alt=\"logo-SOGETREL\" class=\"wp-image-3974\" title=\"logo-SOGETREL\" \/><\/figure><\/div><\/div><\/div>\n\n\n\n<div class=\"wp-block-ic-blocks-slide-image\"><div><div class=\"ic-blocks-slide-image-container\"><figure class=\"ic-blocks-slide-image-figure\"><img decoding=\"async\" src=\"https:\/\/fab-group.fr\/wp-content\/uploads\/logo-escofi-1-e1704379682495.png\" alt=\"logo-escofi (1)\" class=\"wp-image-3994\" title=\"logo-escofi (1)\" \/><\/figure><\/div><\/div><\/div>\n\n\n\n<div class=\"wp-block-ic-blocks-slide-image\"><div><div class=\"ic-blocks-slide-image-container\"><figure class=\"ic-blocks-slide-image-figure\"><img loading=\"lazy\" decoding=\"async\" width=\"100\" height=\"100\" src=\"https:\/\/fab-group.fr\/wp-content\/uploads\/unnamed-e1704377393751.jpg\" alt=\"unnamed\" class=\"wp-image-3976\" title=\"unnamed\" \/><\/figure><\/div><\/div><\/div>\n\n\n\n<div class=\"wp-block-ic-blocks-slide-image\"><div><div class=\"ic-blocks-slide-image-container\"><figure class=\"ic-blocks-slide-image-figure\"><img loading=\"lazy\" decoding=\"async\" width=\"1576\" height=\"554\" src=\"https:\/\/fab-group.fr\/wp-content\/uploads\/mazars-logo-png.png\" alt=\"MAZARS-LOGO-PNG\" class=\"wp-image-4023\" title=\"MAZARS-LOGO-PNG\" srcset=\"https:\/\/fab-group.fr\/wp-content\/uploads\/mazars-logo-png.png 1576w, https:\/\/fab-group.fr\/wp-content\/uploads\/mazars-logo-png-1400x492.png 1400w, https:\/\/fab-group.fr\/wp-content\/uploads\/mazars-logo-png-768x270.png 768w, https:\/\/fab-group.fr\/wp-content\/uploads\/mazars-logo-png-1536x540.png 1536w\" sizes=\"(max-width: 1576px) 100vw, 1576px\" \/><\/figure><\/div><\/div><\/div>\n<\/div><\/div>\n\n\n\n<div class=\"wp-block-group animate__fadeInUp animation-extend paused animate__animated is-layout-constrained\" style=\"padding-top:var(--wp--preset--spacing--small)\">\n<div class=\"wp-block-ic-blocks-tabs\"><div class=\"ic-blocks-tabs vertical\"><div class=\"ic-blocks-tabs-nav\"><div class=\"tab-title \"><img loading=\"lazy\" decoding=\"async\" width=\"29\" height=\"29\" class=\"wp-image-2688\" style=\"width: 29px\" src=\"https:\/\/fab-group.fr\/wp-content\/uploads\/confiance.svg\" alt=\"confiance\"><br>Confiance<\/div><div class=\"tab-title \"><img loading=\"lazy\" decoding=\"async\" width=\"29\" height=\"29\" class=\"wp-image-2696\" style=\"width: 29px\" src=\"https:\/\/fab-group.fr\/wp-content\/uploads\/expertise.svg\" alt=\"expertise\"><br>Expertise<\/div><div class=\"tab-title active\"><img loading=\"lazy\" decoding=\"async\" width=\"29\" height=\"29\" class=\"wp-image-2671\" style=\"width: 29px\" src=\"https:\/\/fab-group.fr\/wp-content\/uploads\/rocket.svg\" alt=\"rocket\"><br>Croissance<\/div><\/div>\n<div class=\"wp-block-ic-blocks-tab  animate__fadeInUp animate__animated\"><div class=\"tab-container\">\n<p class=\"no-mobile has-primary-dark-color has-text-color\" style=\"text-transform:uppercase\">Confiance<\/p>\n\n\n\n<h2 class=\"wp-block-heading\">Nous b\u00e2tissons nos relations sur la <span class=\"ic-blocks-underline\">confiance<\/span><\/h2>\n\n\n\n<p>La confiance est essentielle dans notre m\u00e9tier chez FAB Group. Nous basons notre travail sur cette valeur cl\u00e9 pour \u00e9tablir des relations de qualit\u00e9 et durables avec nos clients et nos candidats.<\/p>\n\n\n\n<div class=\"wp-block-buttons is-layout-flex\">\n<div class=\"wp-block-button is-style-fill\"><a class=\"wp-block-button__link wp-element-button\" href=\"https:\/\/fab-group.fr\/a-la-decouverte-de-fab-group\/\">D\u00e9couvrir l&#8217;univers FAB Group<\/a><\/div>\n<\/div>\n<\/div><\/div>\n\n\n\n<div class=\"wp-block-ic-blocks-tab  animate__fadeInUp animate__animated\"><div class=\"tab-container\">\n<p class=\"no-mobile has-primary-dark-color has-text-color\" style=\"text-transform:uppercase\">Expertise<\/p>\n\n\n\n<h2 class=\"wp-block-heading\">Nous b\u00e2tissons nos relations sur <span class=\"ic-blocks-underline\">l&#8217;expertise<\/span><\/h2>\n\n\n\n<p>Nos consultants en recrutement disposent d&#8217;une connaissance pointue des secteurs d&#8217;activit\u00e9s pour lesquels ils recrutent. Gr\u00e2ce \u00e0 notre exp\u00e9rience et notre savoir-faire, nous sommes en mesure de vous accompagner dans tous vos projets de recrutement avec une expertise reconnue.<\/p>\n<\/div><\/div>\n\n\n\n<div class=\"wp-block-ic-blocks-tab active animate__fadeInUp animate__animated\"><div class=\"tab-container\">\n<p class=\"no-mobile has-primary-dark-color has-text-color\" style=\"text-transform:uppercase\">Croissance<\/p>\n\n\n\n<h2 class=\"wp-block-heading\">La <span class=\"ic-blocks-underline\">croissance<\/span> est au c\u0153ur de notre ADN<\/h2>\n\n\n\n<p>FAB Group est un cabinet de recrutement \u00e0 forte croissance. Depuis plus de 18 ans, le groupe n\u2019a cess\u00e9 de croitre. D\u2019un bureau sp\u00e9cialis\u00e9 en banque install\u00e9 \u00e0 Nantes, nous sommes d\u00e9sormais install\u00e9s dans une dizaine de villes de France et sommes capables de r\u00e9pondre aux besoins de tout type d\u2019entreprise dans diff\u00e9rents domaines d\u2019expertises.<\/p>\n<\/div><\/div>\n<\/div><\/div>\n<\/div>\n<\/div>\n\n\n\n<div class=\"wp-block-group alignfull is-style-blobs-background has-secondary-background-color has-background animate__fadeInUp animation-extend paused animate__animated is-layout-constrained\">\n<div class=\"wp-block-columns alignfull is-layout-flex wp-container-34\" style=\"padding-top:var(--wp--preset--spacing--large);padding-right:0;padding-bottom:var(--wp--preset--spacing--large);padding-left:var(--wp--preset--spacing--large)\">\n<div class=\"wp-block-column is-layout-flow wp-container-32\" style=\"padding-top:0;padding-right:0;padding-bottom:0;padding-left:0;flex-basis:460px\">\n<h2 class=\"wp-block-heading has-white-color has-text-color\">Entreprises et candidats <span class=\"ic-blocks-underline\">nous ont choisis<\/span><\/h2>\n\n\n\n<p class=\"has-white-color has-text-color\">D\u00e9couvrez le t\u00e9moignage des entreprises et des candidats que nous avons accompagn\u00e9s.<\/p>\n\n\n\n<div class=\"wp-block-group no-mobile animate__fadeInUp animation-extend paused animate__animated is-content-justification-right is-nowrap is-layout-flex wp-container-31\">\n<figure class=\"wp-block-image size-large\"><img loading=\"lazy\" decoding=\"async\" width=\"130\" height=\"37\" src=\"https:\/\/fab-group.fr\/wp-content\/uploads\/vector-5.svg\" alt=\"Vector 5\" class=\"wp-image-3123\" \/><\/figure>\n<\/div>\n<\/div>\n\n\n\n<div class=\"wp-block-column is-layout-flow\" style=\"padding-top:0;padding-right:0;padding-bottom:0;padding-left:0\">\n<div class=\"wp-block-ic-blocks-testimonials\"><div class=\"filters-container\"><p>Entreprises<\/p><p>Candidats<\/p><\/div><div class=\"testimonials-slider on-mobile on-desktop dots-hidden col-mob-1 col-desk-3 hide-out-desktop hide-out-mobile\" data-spacing-mobile=\"30\" data-spacing-desktop=\"30\" data-effect=\"slide\" data-speed=\"300\" data-delay=\"3000\" data-loop=\"true\"><div class=\"swiper-wrapper\"><div class=\"wp-block-ic-blocks-testimonial swiper-slide second-category\"><p class=\"testimonial-content\">\u201cJ&#8217;ai \u00e9t\u00e9 contact\u00e9e par FAB Group qui m&#8217;a permis de trouver une entreprise de qualit\u00e9 dans le bon secteur d&#8217;activit\u00e9, dans le cadre d&#8217;une \u00e9volution professionnelle. L&#8217;accompagnement est bien pr\u00e9sent et de qualit\u00e9, dans la dur\u00e9e. Je les remercie pour leur professionnalisme et invite entreprises et candidats \u00e0 leur faire confiance.\u201d<\/p><div class=\"testimonial-author-container\"><p class=\"testimonial-author-name\">St\u00e9phanie A.<\/p><p class=\"testimonial-author-statut\"><\/p><\/div><\/div><div class=\"wp-block-ic-blocks-testimonial swiper-slide second-category\"><p class=\"testimonial-content\">\u201cCabinet de recrutement s\u00e9rieux, r\u00e9actif et qui cible r\u00e9ellement les crit\u00e8res. Je recommande vivement. Merci encore FAB Group pour votre aide\u201d<\/p><div class=\"testimonial-author-container\"><p class=\"testimonial-author-name\">Lucas G.<\/p><p class=\"testimonial-author-statut\"><\/p><\/div><\/div><div class=\"wp-block-ic-blocks-testimonial swiper-slide second-category\"><p class=\"testimonial-content\">\u201cUn cabinet de recrutement qui s&#8217;int\u00e9resse aux candidats, suit les processus de recrutement du d\u00e9but \u00e0 la fin et tente de satisfaire les deux parties prenantes. Un grand merci \u00e0 FAB Group qui m&#8217;a \u00e9paul\u00e9 durant cette aventure !\u201d<\/p><div class=\"testimonial-author-container\"><p class=\"testimonial-author-name\">Sylvain R.<\/p><p class=\"testimonial-author-statut\"><\/p><\/div><\/div><div class=\"wp-block-ic-blocks-testimonial swiper-slide first-category\"><p class=\"testimonial-content\">\u201cNous travaillons depuis plusieurs ann\u00e9es avec le cabinet FAB Group et ses consultants qui sont nos interlocuteurs privil\u00e9gi\u00e9s pour nos recrutements.<br>La qualit\u00e9 des \u00e9changes ainsi que la bonne connaissance de notre entreprise et des profils qui y travaillent permettent \u00e0 FAB-Group de nous transmettre des candidatures cibl\u00e9es en termes de comp\u00e9tences et en ad\u00e9quation avec nos valeurs\u201d<\/p><div class=\"testimonial-author-container\"><p class=\"testimonial-author-name\">Anne-Laure Berthelin<\/p><p class=\"testimonial-author-statut\">PREPAR-VIE<\/p><\/div><\/div><div class=\"wp-block-ic-blocks-testimonial swiper-slide first-category\"><p class=\"testimonial-content\">\u201cSelon moi, FAB Group repr\u00e9sente le professionnalisme. Il est incarn\u00e9 par les consultants qui sont dot\u00e9s d\u2019une capacit\u00e9 d\u2019\u00e9coute, qui ont le souci de placer des candidats de qualit\u00e9 et de s\u2019inscrire dans une relation dans la dur\u00e9e. <br>Les plus du cabinet ? L\u2019enthousiasme, le partage des valeurs et l\u2019\u00e9troite collaboration mise en place progressivement !&#8221;<\/p><div class=\"testimonial-author-container\"><p class=\"testimonial-author-name\"><\/p><p class=\"testimonial-author-statut\"><\/p><\/div><\/div><div class=\"wp-block-ic-blocks-testimonial swiper-slide first-category\"><p class=\"testimonial-content\">\u201cLes consultants de FAB Group sont toujours \u00e0 l\u2019\u00e9coute de nos observations et les profils pr\u00e9sent\u00e9s correspondent aux postes recherch\u00e9s.<br>Je suis pleinement satisfaite de notre collaboration au quotidien et j\u2019ai particuli\u00e8rement appr\u00e9ci\u00e9 le fait qu&#8217;une consultante se soit d\u00e9plac\u00e9e pour venir me rencontrer et \u00e9changer en personne.<br>Je compte toujours sur FAB Group pour les missions en cours et futures.\u201d<\/p><div class=\"testimonial-author-container\"><p class=\"testimonial-author-name\">Laurence Hennes<\/p><p class=\"testimonial-author-statut\">B&amp;WA<\/p><\/div><\/div><\/div><\/div><\/div>\n<\/div>\n<\/div>\n<\/div>\n<\/div>\n","protected":false},"excerpt":{"rendered":"<p>Faites matcher votre candidature avec nos offres d\u2019emploi ! Nos marques pour r\u00e9pondre \u00e0 tous vos besoins en recrutement RH FAB Group est le cabinet de recrutement sp\u00e9cialis\u00e9 qui sait r\u00e9pondre \u00e0 toutes vos demandes. D\u00e9couvrez nos marques et comment nous sommes capables de r\u00e9pondre \u00e0 toutes vos attentes. Entreprises et candidats nous ont choisis [&hellip;]<\/p>\n","protected":false},"author":1,"featured_media":0,"parent":0,"menu_order":0,"comment_status":"closed","ping_status":"open","template":"","meta":{"content-type":"","_page_icon_id":0,"_page_icon_url":"","_page_icon_alt":""},"acf":[],"yoast_head":"<!-- This site is optimized with the Yoast SEO plugin v21.4 - https:\/\/yoast.com\/wordpress\/plugins\/seo\/ -->\n<title>Cabinet de recrutement multi-sectoriel sp\u00e9cialis\u00e9 | FAB Group<\/title>\n<meta name=\"description\" content=\"Plus de 300 000 profils uniques dans notre base de donn\u00e9es. Notre mission : trouver les meilleurs talents pour nos clients et les opportunit\u00e9s d\u2019emploi pour nos candidats\" \/>\n<meta name=\"robots\" content=\"index, follow, max-snippet:-1, max-image-preview:large, max-video-preview:-1\" \/>\n<link rel=\"canonical\" href=\"https:\/\/fab-group.fr\/en\/\" \/>\n<meta property=\"og:locale\" content=\"en_US\" \/>\n<meta property=\"og:type\" content=\"article\" \/>\n<meta property=\"og:title\" content=\"Cabinet de recrutement multi-sectoriel sp\u00e9cialis\u00e9 | FAB Group\" \/>\n<meta property=\"og:description\" content=\"Plus de 300 000 profils uniques dans notre base de donn\u00e9es. Notre mission : trouver les meilleurs talents pour nos clients et les opportunit\u00e9s d\u2019emploi pour nos candidats\" \/>\n<meta property=\"og:url\" content=\"https:\/\/fab-group.fr\/en\/\" \/>\n<meta property=\"og:site_name\" content=\"FAB GROUP\" \/>\n<meta property=\"article:modified_time\" content=\"2025-07-08T09:52:30+00:00\" \/>\n<meta property=\"og:image\" content=\"https:\/\/fab-group.fr\/wp-content\/uploads\/degrade-grain-fab-group-gold.png\" \/>\n<meta name=\"twitter:card\" content=\"summary_large_image\" \/>\n<meta name=\"twitter:label1\" content=\"Est. reading time\" \/>\n\t<meta name=\"twitter:data1\" content=\"11 minutes\" \/>\n<script type=\"application\/ld+json\" class=\"yoast-schema-graph\">{\"@context\":\"https:\/\/schema.org\",\"@graph\":[{\"@type\":\"WebPage\",\"@id\":\"https:\/\/fab-group.fr\/en\/\",\"url\":\"https:\/\/fab-group.fr\/en\/\",\"name\":\"Cabinet de recrutement multi-sectoriel sp\u00e9cialis\u00e9 | FAB Group\",\"isPartOf\":{\"@id\":\"https:\/\/fab-group.fr\/#website\"},\"datePublished\":\"2019-11-12T13:16:37+00:00\",\"dateModified\":\"2025-07-08T09:52:30+00:00\",\"description\":\"Plus de 300 000 profils uniques dans notre base de donn\u00e9es. Notre mission : trouver les meilleurs talents pour nos clients et les opportunit\u00e9s d\u2019emploi pour nos candidats\",\"breadcrumb\":{\"@id\":\"https:\/\/fab-group.fr\/en\/#breadcrumb\"},\"inLanguage\":\"en-US\",\"potentialAction\":[{\"@type\":\"ReadAction\",\"target\":[\"https:\/\/fab-group.fr\/en\/\"]}]},{\"@type\":\"BreadcrumbList\",\"@id\":\"https:\/\/fab-group.fr\/en\/#breadcrumb\",\"itemListElement\":[{\"@type\":\"ListItem\",\"position\":1,\"name\":\"Accueil\",\"item\":\"https:\/\/fab-group.fr\/en\/\"},{\"@type\":\"ListItem\",\"position\":2,\"name\":\"Accueil\"}]},{\"@type\":\"WebSite\",\"@id\":\"https:\/\/fab-group.fr\/#website\",\"url\":\"https:\/\/fab-group.fr\/\",\"name\":\"FAB GROUP\",\"description\":\"\",\"publisher\":{\"@id\":\"https:\/\/fab-group.fr\/#organization\"},\"potentialAction\":[{\"@type\":\"SearchAction\",\"target\":{\"@type\":\"EntryPoint\",\"urlTemplate\":\"https:\/\/fab-group.fr\/?s={search_term_string}\"},\"query-input\":\"required name=search_term_string\"}],\"inLanguage\":\"en-US\"},{\"@type\":\"Organization\",\"@id\":\"https:\/\/fab-group.fr\/#organization\",\"name\":\"Fab Group\",\"url\":\"https:\/\/fab-group.fr\/\",\"logo\":{\"@type\":\"ImageObject\",\"inLanguage\":\"en-US\",\"@id\":\"https:\/\/fab-group.fr\/#\/schema\/logo\/image\/\",\"url\":\"https:\/\/fab-group.fr\/wp-content\/uploads\/logo-fab-group-1.png\",\"contentUrl\":\"https:\/\/fab-group.fr\/wp-content\/uploads\/logo-fab-group-1.png\",\"width\":280,\"height\":278,\"caption\":\"Fab Group\"},\"image\":{\"@id\":\"https:\/\/fab-group.fr\/#\/schema\/logo\/image\/\"}}]}<\/script>\n<!-- \/ Yoast SEO plugin. -->","yoast_head_json":{"title":"Cabinet de recrutement multi-sectoriel sp\u00e9cialis\u00e9 | FAB Group","description":"Plus de 300 000 profils uniques dans notre base de donn\u00e9es. Notre mission : trouver les meilleurs talents pour nos clients et les opportunit\u00e9s d\u2019emploi pour nos candidats","robots":{"index":"index","follow":"follow","max-snippet":"max-snippet:-1","max-image-preview":"max-image-preview:large","max-video-preview":"max-video-preview:-1"},"canonical":"https:\/\/fab-group.fr\/en\/","og_locale":"en_US","og_type":"article","og_title":"Cabinet de recrutement multi-sectoriel sp\u00e9cialis\u00e9 | FAB Group","og_description":"Plus de 300 000 profils uniques dans notre base de donn\u00e9es. Notre mission : trouver les meilleurs talents pour nos clients et les opportunit\u00e9s d\u2019emploi pour nos candidats","og_url":"https:\/\/fab-group.fr\/en\/","og_site_name":"FAB GROUP","article_modified_time":"2025-07-08T09:52:30+00:00","og_image":[{"url":"https:\/\/fab-group.fr\/wp-content\/uploads\/degrade-grain-fab-group-gold.png"}],"twitter_card":"summary_large_image","twitter_misc":{"Est. reading time":"11 minutes"},"schema":{"@context":"https:\/\/schema.org","@graph":[{"@type":"WebPage","@id":"https:\/\/fab-group.fr\/en\/","url":"https:\/\/fab-group.fr\/en\/","name":"Cabinet de recrutement multi-sectoriel sp\u00e9cialis\u00e9 | FAB Group","isPartOf":{"@id":"https:\/\/fab-group.fr\/#website"},"datePublished":"2019-11-12T13:16:37+00:00","dateModified":"2025-07-08T09:52:30+00:00","description":"Plus de 300 000 profils uniques dans notre base de donn\u00e9es. Notre mission : trouver les meilleurs talents pour nos clients et les opportunit\u00e9s d\u2019emploi pour nos candidats","breadcrumb":{"@id":"https:\/\/fab-group.fr\/en\/#breadcrumb"},"inLanguage":"en-US","potentialAction":[{"@type":"ReadAction","target":["https:\/\/fab-group.fr\/en\/"]}]},{"@type":"BreadcrumbList","@id":"https:\/\/fab-group.fr\/en\/#breadcrumb","itemListElement":[{"@type":"ListItem","position":1,"name":"Accueil","item":"https:\/\/fab-group.fr\/en\/"},{"@type":"ListItem","position":2,"name":"Accueil"}]},{"@type":"WebSite","@id":"https:\/\/fab-group.fr\/#website","url":"https:\/\/fab-group.fr\/","name":"FAB GROUP","description":"","publisher":{"@id":"https:\/\/fab-group.fr\/#organization"},"potentialAction":[{"@type":"SearchAction","target":{"@type":"EntryPoint","urlTemplate":"https:\/\/fab-group.fr\/?s={search_term_string}"},"query-input":"required name=search_term_string"}],"inLanguage":"en-US"},{"@type":"Organization","@id":"https:\/\/fab-group.fr\/#organization","name":"Fab Group","url":"https:\/\/fab-group.fr\/","logo":{"@type":"ImageObject","inLanguage":"en-US","@id":"https:\/\/fab-group.fr\/#\/schema\/logo\/image\/","url":"https:\/\/fab-group.fr\/wp-content\/uploads\/logo-fab-group-1.png","contentUrl":"https:\/\/fab-group.fr\/wp-content\/uploads\/logo-fab-group-1.png","width":280,"height":278,"caption":"Fab Group"},"image":{"@id":"https:\/\/fab-group.fr\/#\/schema\/logo\/image\/"}}]}},"_links":{"self":[{"href":"https:\/\/fab-group.fr\/en\/wp-json\/wp\/v2\/pages\/3279"}],"collection":[{"href":"https:\/\/fab-group.fr\/en\/wp-json\/wp\/v2\/pages"}],"about":[{"href":"https:\/\/fab-group.fr\/en\/wp-json\/wp\/v2\/types\/page"}],"author":[{"embeddable":true,"href":"https:\/\/fab-group.fr\/en\/wp-json\/wp\/v2\/users\/1"}],"replies":[{"embeddable":true,"href":"https:\/\/fab-group.fr\/en\/wp-json\/wp\/v2\/comments?post=3279"}],"version-history":[{"count":50,"href":"https:\/\/fab-group.fr\/en\/wp-json\/wp\/v2\/pages\/3279\/revisions"}],"predecessor-version":[{"id":5415,"href":"https:\/\/fab-group.fr\/en\/wp-json\/wp\/v2\/pages\/3279\/revisions\/5415"}],"wp:attachment":[{"href":"https:\/\/fab-group.fr\/en\/wp-json\/wp\/v2\/media?parent=3279"}],"curies":[{"name":"wp","href":"https:\/\/api.w.org\/{rel}","templated":true}]}}